{"id":42,"date":"2024-03-14T21:59:36","date_gmt":"2024-03-14T20:59:36","guid":{"rendered":"https:\/\/iubilaeum2025roma.com\/?page_id=42"},"modified":"2024-03-17T13:00:37","modified_gmt":"2024-03-17T12:00:37","slug":"indulgenza","status":"publish","type":"page","link":"https:\/\/iubilaeum2025roma.com\/index.php\/indulgenza\/","title":{"rendered":"Indulgenza"},"content":{"rendered":"\n<div class=\"wp-block-media-text has-media-on-the-right is-stacked-on-mobile\" style=\"grid-template-columns:auto 40%\"><div class=\"wp-block-media-text__content\">\n<p class=\"has-ast-global-color-8-color has-text-color has-link-color wp-elements-ed764949239cda54b8d29a229224eaed\">L&#8217;indulgenza durante il Giubileo \u00e8 un concetto fondamentale che assume una rilevanza particolare nella visione di Papa Francesco per l&#8217;Anno Santo. Questo tempo di grazia e misericordia, profondamente radicato nella tradizione della Chiesa Cattolica, offre ai fedeli l&#8217;opportunit\u00e0 di avvicinarsi ancora di pi\u00f9 a Dio attraverso atti di fede, preghiera e conversione. Il Giubileo, come sottolineato da Papa Francesco, diventa un momento privilegiato per vivere in pienezza l&#8217;amore misericordioso del Padre, che accoglie tutti coloro che cercano sinceramente il suo perdono.<\/p>\n<\/div><figure class=\"wp-block-media-text__media\"><img loading=\"lazy\" decoding=\"async\" width=\"1024\" height=\"597\" src=\"https:\/\/iubilaeum2025roma.com\/wp-content\/uploads\/2024\/03\/giubileo_2025_indulgenza_papa-francesco-adorazione-1-1024x597.jpg\" alt=\"\" class=\"wp-image-43 size-full\" srcset=\"https:\/\/iubilaeum2025roma.com\/wp-content\/uploads\/2024\/03\/giubileo_2025_indulgenza_papa-francesco-adorazione-1-1024x597.jpg 1024w, https:\/\/iubilaeum2025roma.com\/wp-content\/uploads\/2024\/03\/giubileo_2025_indulgenza_papa-francesco-adorazione-1-300x175.jpg 300w, https:\/\/iubilaeum2025roma.com\/wp-content\/uploads\/2024\/03\/giubileo_2025_indulgenza_papa-francesco-adorazione-1-768x448.jpg 768w, https:\/\/iubilaeum2025roma.com\/wp-content\/uploads\/2024\/03\/giubileo_2025_indulgenza_papa-francesco-adorazione-1.jpg 1200w\" sizes=\"(max-width: 1024px) 100vw, 1024px\" \/><\/figure><\/div>\n\n\n\n<p class=\"has-ast-global-color-8-color has-text-color has-link-color wp-elements-d76938749f26ef07bff5e09b423c9809\">L&#8217;indulgenza plenaria concessa durante il Giubileo \u00e8 espressione di questa misericordia divina. Ottenere un&#8217;indulgenza significa ricevere la remissione davanti a Dio della pena temporale dovuta per i peccati gi\u00e0 perdonati in termini di colpa, a condizione che si compiano determinate pratiche spirituali con cuore contrito e disposizione interiore sincera. Queste pratiche includono, ad esempio, la partecipazione alla Messa e alla Comunione, la confessione dei peccati, la preghiera secondo le intenzioni del Papa e il compimento di opere di misericordia.<\/p>\n\n\n\n<p class=\"has-ast-global-color-8-color has-text-color has-link-color wp-elements-fa82d42462801991396c374d04980068\">Papa Francesco, nel contesto del Giubileo, enfatizza l&#8217;importanza dell&#8217;indulgenza come mezzo per rinnovare il rapporto personale e comunitario con Dio, invitando i fedeli a riflettere profondamente sulla loro vita spirituale e a compiere un genuino cammino di conversione. L&#8217;indulgenza, quindi, non \u00e8 vista solo come un dono di grazia individuale, ma anche come un invito a vivere in modo pi\u00f9 pieno il messaggio del Vangelo, promuovendo la giustizia, la pace e l&#8217;amore nelle relazioni umane.<\/p>\n\n\n\n<p class=\"has-ast-global-color-8-color has-text-color has-link-color wp-elements-1a9d8a9e689eee9355599b7489bbebb1\">Il Giubileo, attraverso l&#8217;accento posto sull&#8217;indulgenza e sulla misericordia, diventa un&#8217;occasione straordinaria per esplorare la profondit\u00e0 dell&#8217;amore di Dio e per rafforzare il senso di appartenenza alla comunit\u00e0 ecclesiale. Papa Francesco incoraggia a cogliere questa opportunit\u00e0 unica per avanzare sul cammino della santit\u00e0, sperimentando la gioia del perdono e contribuendo alla costruzione di un mondo pi\u00f9 fraterno e solidale.<\/p>\n\n\n\n<div class=\"wp-block-columns is-layout-flex wp-container-core-columns-layout-1 wp-block-columns-is-layout-flex\">\n<div class=\"wp-block-column is-layout-flow wp-block-column-is-layout-flow\">\n<div class=\"wp-block-cover\"><span aria-hidden=\"true\" class=\"wp-block-cover__background has-background-dim\"><\/span><img loading=\"lazy\" decoding=\"async\" width=\"765\" height=\"554\" class=\"wp-block-cover__image-background wp-image-75\" alt=\"\" src=\"https:\/\/iubilaeum2025roma.com\/wp-content\/uploads\/2024\/03\/Giubileo_2025_san_pietro.jpg\" data-object-fit=\"cover\" srcset=\"https:\/\/iubilaeum2025roma.com\/wp-content\/uploads\/2024\/03\/Giubileo_2025_san_pietro.jpg 765w, https:\/\/iubilaeum2025roma.com\/wp-content\/uploads\/2024\/03\/Giubileo_2025_san_pietro-300x217.jpg 300w\" sizes=\"(max-width: 765px) 100vw, 765px\" \/><div class=\"wp-block-cover__inner-container is-layout-flow wp-block-cover-is-layout-flow\">\n<a href=\"https:\/\/iubilaeum2025roma.com\/index.php\/che-cose-il-giubileo\/\" style=\"color:white;font-size:36px;\"><center>Che cos&#8217;\u00e8 il Giubileo<\/center><\/a>\n<\/div><\/div>\n<\/div>\n\n\n\n<div class=\"wp-block-column is-layout-flow wp-block-column-is-layout-flow\">\n<div class=\"wp-block-cover\"><span aria-hidden=\"true\" class=\"wp-block-cover__background has-background-dim\"><\/span><img loading=\"lazy\" decoding=\"async\" width=\"2560\" height=\"1933\" class=\"wp-block-cover__image-background wp-image-34\" alt=\"\" src=\"https:\/\/iubilaeum2025roma.com\/wp-content\/uploads\/2024\/03\/giubileo_papa_francesco_porta_santa-scaled.jpg\" data-object-fit=\"cover\" srcset=\"https:\/\/iubilaeum2025roma.com\/wp-content\/uploads\/2024\/03\/giubileo_papa_francesco_porta_santa-scaled.jpg 2560w, https:\/\/iubilaeum2025roma.com\/wp-content\/uploads\/2024\/03\/giubileo_papa_francesco_porta_santa-300x227.jpg 300w, https:\/\/iubilaeum2025roma.com\/wp-content\/uploads\/2024\/03\/giubileo_papa_francesco_porta_santa-1024x773.jpg 1024w, https:\/\/iubilaeum2025roma.com\/wp-content\/uploads\/2024\/03\/giubileo_papa_francesco_porta_santa-768x580.jpg 768w, https:\/\/iubilaeum2025roma.com\/wp-content\/uploads\/2024\/03\/giubileo_papa_francesco_porta_santa-1536x1160.jpg 1536w, https:\/\/iubilaeum2025roma.com\/wp-content\/uploads\/2024\/03\/giubileo_papa_francesco_porta_santa-2048x1547.jpg 2048w\" sizes=\"(max-width: 2560px) 100vw, 2560px\" \/><div class=\"wp-block-cover__inner-container is-layout-flow wp-block-cover-is-layout-flow\">\n<a href=\"https:\/\/iubilaeum2025roma.com\/index.php\/porta-santa\/\" style=\"color:white;font-size:36px;\"><center>Porta Santa<\/center><\/a>\n<\/div><\/div>\n<\/div>\n\n\n\n<div class=\"wp-block-column is-layout-flow wp-block-column-is-layout-flow\">\n<div class=\"wp-block-cover\"><span aria-hidden=\"true\" class=\"wp-block-cover__background has-background-dim\"><\/span><img loading=\"lazy\" decoding=\"async\" width=\"600\" height=\"450\" class=\"wp-block-cover__image-background wp-image-38\" alt=\"\" src=\"https:\/\/iubilaeum2025roma.com\/wp-content\/uploads\/2024\/03\/giubileo_2025_Papa-Francesco-in-preghiera-1.jpg\" data-object-fit=\"cover\" srcset=\"https:\/\/iubilaeum2025roma.com\/wp-content\/uploads\/2024\/03\/giubileo_2025_Papa-Francesco-in-preghiera-1.jpg 600w, https:\/\/iubilaeum2025roma.com\/wp-content\/uploads\/2024\/03\/giubileo_2025_Papa-Francesco-in-preghiera-1-300x225.jpg 300w\" sizes=\"(max-width: 600px) 100vw, 600px\" \/><div class=\"wp-block-cover__inner-container is-layout-flow wp-block-cover-is-layout-flow\">\n<a href=\"https:\/\/iubilaeum2025roma.com\/index.php\/preghiere-giubilari\/\" style=\"color:white;font-size:36px;\"><center>Preghiere Giubilari<\/center><\/a>\n<\/div><\/div>\n<\/div>\n<\/div>\n","protected":false},"excerpt":{"rendered":"<p>L&#8217;indulgenza durante il Giubileo \u00e8 un concetto fondamentale che assume una rilevanza particolare nella visione di Papa Francesco per l&#8217;Anno [&hellip;]<\/p>\n","protected":false},"author":1,"featured_media":0,"parent":0,"menu_order":0,"comment_status":"closed","ping_status":"closed","template":"","meta":{"site-sidebar-layout":"default","site-content-layout":"","ast-site-content-layout":"","site-content-style":"default","site-sidebar-style":"default","ast-global-header-display":"","ast-banner-title-visibility":"","ast-main-header-display":"","ast-hfb-above-header-display":"","ast-hfb-below-header-display":"","ast-hfb-mobile-header-display":"","site-post-title":"","ast-breadcrumbs-content":"","ast-featured-img":"","footer-sml-layout":"","theme-transparent-header-meta":"","adv-header-id-meta":"","stick-header-meta":"","header-above-stick-meta":"","header-main-stick-meta":"","header-below-stick-meta":"","astra-migrate-meta-layouts":"default","ast-page-background-enabled":"default","ast-page-background-meta":{"desktop":{"background-color":"var(--ast-global-color-4)","background-image":"","background-repeat":"repeat","background-position":"center center","background-size":"auto","background-attachment":"scroll","background-type":"","background-media":"","overlay-type":"","overlay-color":"","overlay-gradient":""},"tablet":{"background-color":"","background-image":"","background-repeat":"repeat","background-position":"center center","background-size":"auto","background-attachment":"scroll","background-type":"","background-media":"","overlay-type":"","overlay-color":"","overlay-gradient":""},"mobile":{"background-color":"","background-image":"","background-repeat":"repeat","background-position":"center center","background-size":"auto","background-attachment":"scroll","background-type":"","background-media":"","overlay-type":"","overlay-color":"","overlay-gradient":""}},"ast-content-background-meta":{"desktop":{"background-color":"var(--ast-global-color-5)","background-image":"","background-repeat":"repeat","background-position":"center center","background-size":"auto","background-attachment":"scroll","background-type":"","background-media":"","overlay-type":"","overlay-color":"","overlay-gradient":""},"tablet":{"background-color":"var(--ast-global-color-5)","background-image":"","background-repeat":"repeat","background-position":"center center","background-size":"auto","background-attachment":"scroll","background-type":"","background-media":"","overlay-type":"","overlay-color":"","overlay-gradient":""},"mobile":{"background-color":"var(--ast-global-color-5)","background-image":"","background-repeat":"repeat","background-position":"center center","background-size":"auto","background-attachment":"scroll","background-type":"","background-media":"","overlay-type":"","overlay-color":"","overlay-gradient":""}},"footnotes":""},"aioseo_notices":[],"_links":{"self":[{"href":"https:\/\/iubilaeum2025roma.com\/index.php\/wp-json\/wp\/v2\/pages\/42"}],"collection":[{"href":"https:\/\/iubilaeum2025roma.com\/index.php\/wp-json\/wp\/v2\/pages"}],"about":[{"href":"https:\/\/iubilaeum2025roma.com\/index.php\/wp-json\/wp\/v2\/types\/page"}],"author":[{"embeddable":true,"href":"https:\/\/iubilaeum2025roma.com\/index.php\/wp-json\/wp\/v2\/users\/1"}],"replies":[{"embeddable":true,"href":"https:\/\/iubilaeum2025roma.com\/index.php\/wp-json\/wp\/v2\/comments?post=42"}],"version-history":[{"count":5,"href":"https:\/\/iubilaeum2025roma.com\/index.php\/wp-json\/wp\/v2\/pages\/42\/revisions"}],"predecessor-version":[{"id":228,"href":"https:\/\/iubilaeum2025roma.com\/index.php\/wp-json\/wp\/v2\/pages\/42\/revisions\/228"}],"wp:attachment":[{"href":"https:\/\/iubilaeum2025roma.com\/index.php\/wp-json\/wp\/v2\/media?parent=42"}],"curies":[{"name":"wp","href":"https:\/\/api.w.org\/{rel}","templated":true}]}}